{"id":217,"date":"2015-03-01T20:32:54","date_gmt":"2015-03-01T19:32:54","guid":{"rendered":"http:\/\/opg-kelecic.hr\/?page_id=217"},"modified":"2025-01-04T18:18:58","modified_gmt":"2025-01-04T17:18:58","slug":"vjencanja","status":"publish","type":"page","link":"https:\/\/opg-kelecic.hr\/?page_id=217","title":{"rendered":"Vjen\u010danja"},"content":{"rendered":"<p>Pokloni mladenaca<\/p>\n<p><a href=\"https:\/\/opg-kelecic.hr\/wp-content\/uploads\/2015\/03\/W__P1010014.jpg\"><img loading=\"lazy\" decoding=\"async\" class=\"aligncenter size-full wp-image-220\" alt=\"D\u017eem sa srcem\" src=\"https:\/\/opg-kelecic.hr\/wp-content\/uploads\/2015\/03\/W__P1010014.jpg\" width=\"640\" height=\"480\" srcset=\"https:\/\/opg-kelecic.hr\/wp-content\/uploads\/2015\/03\/W__P1010014.jpg 640w, https:\/\/opg-kelecic.hr\/wp-content\/uploads\/2015\/03\/W__P1010014-600x450.jpg 600w, https:\/\/opg-kelecic.hr\/wp-content\/uploads\/2015\/03\/W__P1010014-300x225.jpg 300w\" sizes=\"auto, (max-width: 640px) 100vw, 640px\" \/><\/a><\/p>\n<p>&nbsp;<\/p>\n<p><a href=\"https:\/\/opg-kelecic.hr\/wp-content\/uploads\/2015\/03\/W__P1010016.jpg\"><img loading=\"lazy\" decoding=\"async\" class=\"aligncenter size-full wp-image-222\" alt=\"D\u017eem sa srcem (3)\" src=\"https:\/\/opg-kelecic.hr\/wp-content\/uploads\/2015\/03\/W__P1010016.jpg\" width=\"640\" height=\"480\" srcset=\"https:\/\/opg-kelecic.hr\/wp-content\/uploads\/2015\/03\/W__P1010016.jpg 640w, https:\/\/opg-kelecic.hr\/wp-content\/uploads\/2015\/03\/W__P1010016-600x450.jpg 600w, https:\/\/opg-kelecic.hr\/wp-content\/uploads\/2015\/03\/W__P1010016-300x225.jpg 300w\" sizes=\"auto, (max-width: 640px) 100vw, 640px\" \/><\/a><\/p>\n<p>&nbsp;<\/p>\n<p><a href=\"https:\/\/opg-kelecic.hr\/wp-content\/uploads\/2015\/03\/W__P1010019.jpg\"><img loading=\"lazy\" decoding=\"async\" class=\"aligncenter size-full wp-image-225\" alt=\"Srce - magnet\" src=\"https:\/\/opg-kelecic.hr\/wp-content\/uploads\/2015\/03\/W__P1010019.jpg\" width=\"640\" height=\"480\" srcset=\"https:\/\/opg-kelecic.hr\/wp-content\/uploads\/2015\/03\/W__P1010019.jpg 640w, https:\/\/opg-kelecic.hr\/wp-content\/uploads\/2015\/03\/W__P1010019-600x450.jpg 600w, https:\/\/opg-kelecic.hr\/wp-content\/uploads\/2015\/03\/W__P1010019-300x225.jpg 300w\" sizes=\"auto, (max-width: 640px) 100vw, 640px\" \/><\/a><\/p>\n","protected":false},"excerpt":{"rendered":"<p>Pokloni mladenaca &nbsp; &nbsp;<\/p>\n","protected":false},"author":1,"featured_media":0,"parent":0,"menu_order":0,"comment_status":"closed","ping_status":"closed","template":"","meta":{"footnotes":""},"class_list":["post-217","page","type-page","status-publish","hentry"],"yoast_head":"<!-- This site is optimized with the Yoast SEO plugin v25.2 - https:\/\/yoast.com\/wordpress\/plugins\/seo\/ -->\n<title>Vjen\u010danja - OPG Kele\u010di\u0107 OPG Kele\u010di\u0107<\/title>\n<meta name=\"robots\" content=\"index, follow, max-snippet:-1, max-image-preview:large, max-video-preview:-1\" \/>\n<link rel=\"canonical\" href=\"https:\/\/opg-kelecic.hr\/?page_id=217\" \/>\n<meta property=\"og:locale\" content=\"hr_HR\" \/>\n<meta property=\"og:type\" content=\"article\" \/>\n<meta property=\"og:title\" content=\"Vjen\u010danja - OPG Kele\u010di\u0107 OPG Kele\u010di\u0107\" \/>\n<meta property=\"og:description\" content=\"Pokloni mladenaca &nbsp; &nbsp;\" \/>\n<meta property=\"og:url\" content=\"https:\/\/opg-kelecic.hr\/?page_id=217\" \/>\n<meta property=\"og:site_name\" content=\"OPG Kele\u010di\u0107\" \/>\n<meta property=\"article:publisher\" content=\"https:\/\/www.facebook.com\/p\/OPG-Kelei-100057955245978\/?locale=hr_HR&amp;_rdr\" \/>\n<meta property=\"article:modified_time\" content=\"2025-01-04T17:18:58+00:00\" \/>\n<meta property=\"og:image\" content=\"http:\/\/opg-kelecic.hr\/wp-content\/uploads\/2015\/03\/W__P1010014.jpg\" \/>\n<meta name=\"twitter:card\" content=\"summary_large_image\" \/>\n<script type=\"application\/ld+json\" class=\"yoast-schema-graph\">{\"@context\":\"https:\/\/schema.org\",\"@graph\":[{\"@type\":\"WebPage\",\"@id\":\"https:\/\/opg-kelecic.hr\/?page_id=217\",\"url\":\"https:\/\/opg-kelecic.hr\/?page_id=217\",\"name\":\"Vjen\u010danja - OPG Kele\u010di\u0107 OPG Kele\u010di\u0107\",\"isPartOf\":{\"@id\":\"https:\/\/opg-kelecic.hr\/#website\"},\"primaryImageOfPage\":{\"@id\":\"https:\/\/opg-kelecic.hr\/?page_id=217#primaryimage\"},\"image\":{\"@id\":\"https:\/\/opg-kelecic.hr\/?page_id=217#primaryimage\"},\"thumbnailUrl\":\"http:\/\/opg-kelecic.hr\/wp-content\/uploads\/2015\/03\/W__P1010014.jpg\",\"datePublished\":\"2015-03-01T19:32:54+00:00\",\"dateModified\":\"2025-01-04T17:18:58+00:00\",\"breadcrumb\":{\"@id\":\"https:\/\/opg-kelecic.hr\/?page_id=217#breadcrumb\"},\"inLanguage\":\"hr\",\"potentialAction\":[{\"@type\":\"ReadAction\",\"target\":[\"https:\/\/opg-kelecic.hr\/?page_id=217\"]}]},{\"@type\":\"ImageObject\",\"inLanguage\":\"hr\",\"@id\":\"https:\/\/opg-kelecic.hr\/?page_id=217#primaryimage\",\"url\":\"http:\/\/opg-kelecic.hr\/wp-content\/uploads\/2015\/03\/W__P1010014.jpg\",\"contentUrl\":\"http:\/\/opg-kelecic.hr\/wp-content\/uploads\/2015\/03\/W__P1010014.jpg\"},{\"@type\":\"BreadcrumbList\",\"@id\":\"https:\/\/opg-kelecic.hr\/?page_id=217#breadcrumb\",\"itemListElement\":[{\"@type\":\"ListItem\",\"position\":1,\"name\":\"Po\u010detna stranica\",\"item\":\"https:\/\/opg-kelecic.hr\/\"},{\"@type\":\"ListItem\",\"position\":2,\"name\":\"Vjen\u010danja\"}]},{\"@type\":\"WebSite\",\"@id\":\"https:\/\/opg-kelecic.hr\/#website\",\"url\":\"https:\/\/opg-kelecic.hr\/\",\"name\":\"OPG Kele\u010di\u0107\",\"description\":\"Obiteljsko poljoprivredno gospodarstvo Kele\u010di\u0107\",\"publisher\":{\"@id\":\"https:\/\/opg-kelecic.hr\/#organization\"},\"potentialAction\":[{\"@type\":\"SearchAction\",\"target\":{\"@type\":\"EntryPoint\",\"urlTemplate\":\"https:\/\/opg-kelecic.hr\/?s={search_term_string}\"},\"query-input\":{\"@type\":\"PropertyValueSpecification\",\"valueRequired\":true,\"valueName\":\"search_term_string\"}}],\"inLanguage\":\"hr\"},{\"@type\":\"Organization\",\"@id\":\"https:\/\/opg-kelecic.hr\/#organization\",\"name\":\"OPG Kele\u010di\u0107\",\"url\":\"https:\/\/opg-kelecic.hr\/\",\"logo\":{\"@type\":\"ImageObject\",\"inLanguage\":\"hr\",\"@id\":\"https:\/\/opg-kelecic.hr\/#\/schema\/logo\/image\/\",\"url\":\"https:\/\/opg-kelecic.hr\/wp-content\/uploads\/2015\/03\/cropped-logo.jpg\",\"contentUrl\":\"https:\/\/opg-kelecic.hr\/wp-content\/uploads\/2015\/03\/cropped-logo.jpg\",\"width\":684,\"height\":290,\"caption\":\"OPG Kele\u010di\u0107\"},\"image\":{\"@id\":\"https:\/\/opg-kelecic.hr\/#\/schema\/logo\/image\/\"},\"sameAs\":[\"https:\/\/www.facebook.com\/p\/OPG-Kelei-100057955245978\/?locale=hr_HR&_rdr\"]}]}<\/script>\n<!-- \/ Yoast SEO plugin. -->","yoast_head_json":{"title":"Vjen\u010danja - OPG Kele\u010di\u0107 OPG Kele\u010di\u0107","robots":{"index":"index","follow":"follow","max-snippet":"max-snippet:-1","max-image-preview":"max-image-preview:large","max-video-preview":"max-video-preview:-1"},"canonical":"https:\/\/opg-kelecic.hr\/?page_id=217","og_locale":"hr_HR","og_type":"article","og_title":"Vjen\u010danja - OPG Kele\u010di\u0107 OPG Kele\u010di\u0107","og_description":"Pokloni mladenaca &nbsp; &nbsp;","og_url":"https:\/\/opg-kelecic.hr\/?page_id=217","og_site_name":"OPG Kele\u010di\u0107","article_publisher":"https:\/\/www.facebook.com\/p\/OPG-Kelei-100057955245978\/?locale=hr_HR&_rdr","article_modified_time":"2025-01-04T17:18:58+00:00","og_image":[{"url":"http:\/\/opg-kelecic.hr\/wp-content\/uploads\/2015\/03\/W__P1010014.jpg","type":"","width":"","height":""}],"twitter_card":"summary_large_image","schema":{"@context":"https:\/\/schema.org","@graph":[{"@type":"WebPage","@id":"https:\/\/opg-kelecic.hr\/?page_id=217","url":"https:\/\/opg-kelecic.hr\/?page_id=217","name":"Vjen\u010danja - OPG Kele\u010di\u0107 OPG Kele\u010di\u0107","isPartOf":{"@id":"https:\/\/opg-kelecic.hr\/#website"},"primaryImageOfPage":{"@id":"https:\/\/opg-kelecic.hr\/?page_id=217#primaryimage"},"image":{"@id":"https:\/\/opg-kelecic.hr\/?page_id=217#primaryimage"},"thumbnailUrl":"http:\/\/opg-kelecic.hr\/wp-content\/uploads\/2015\/03\/W__P1010014.jpg","datePublished":"2015-03-01T19:32:54+00:00","dateModified":"2025-01-04T17:18:58+00:00","breadcrumb":{"@id":"https:\/\/opg-kelecic.hr\/?page_id=217#breadcrumb"},"inLanguage":"hr","potentialAction":[{"@type":"ReadAction","target":["https:\/\/opg-kelecic.hr\/?page_id=217"]}]},{"@type":"ImageObject","inLanguage":"hr","@id":"https:\/\/opg-kelecic.hr\/?page_id=217#primaryimage","url":"http:\/\/opg-kelecic.hr\/wp-content\/uploads\/2015\/03\/W__P1010014.jpg","contentUrl":"http:\/\/opg-kelecic.hr\/wp-content\/uploads\/2015\/03\/W__P1010014.jpg"},{"@type":"BreadcrumbList","@id":"https:\/\/opg-kelecic.hr\/?page_id=217#breadcrumb","itemListElement":[{"@type":"ListItem","position":1,"name":"Po\u010detna stranica","item":"https:\/\/opg-kelecic.hr\/"},{"@type":"ListItem","position":2,"name":"Vjen\u010danja"}]},{"@type":"WebSite","@id":"https:\/\/opg-kelecic.hr\/#website","url":"https:\/\/opg-kelecic.hr\/","name":"OPG Kele\u010di\u0107","description":"Obiteljsko poljoprivredno gospodarstvo Kele\u010di\u0107","publisher":{"@id":"https:\/\/opg-kelecic.hr\/#organization"},"potentialAction":[{"@type":"SearchAction","target":{"@type":"EntryPoint","urlTemplate":"https:\/\/opg-kelecic.hr\/?s={search_term_string}"},"query-input":{"@type":"PropertyValueSpecification","valueRequired":true,"valueName":"search_term_string"}}],"inLanguage":"hr"},{"@type":"Organization","@id":"https:\/\/opg-kelecic.hr\/#organization","name":"OPG Kele\u010di\u0107","url":"https:\/\/opg-kelecic.hr\/","logo":{"@type":"ImageObject","inLanguage":"hr","@id":"https:\/\/opg-kelecic.hr\/#\/schema\/logo\/image\/","url":"https:\/\/opg-kelecic.hr\/wp-content\/uploads\/2015\/03\/cropped-logo.jpg","contentUrl":"https:\/\/opg-kelecic.hr\/wp-content\/uploads\/2015\/03\/cropped-logo.jpg","width":684,"height":290,"caption":"OPG Kele\u010di\u0107"},"image":{"@id":"https:\/\/opg-kelecic.hr\/#\/schema\/logo\/image\/"},"sameAs":["https:\/\/www.facebook.com\/p\/OPG-Kelei-100057955245978\/?locale=hr_HR&_rdr"]}]}},"featured_image_src":null,"featured_image_src_square":null,"_links":{"self":[{"href":"https:\/\/opg-kelecic.hr\/index.php?rest_route=\/wp\/v2\/pages\/217","targetHints":{"allow":["GET"]}}],"collection":[{"href":"https:\/\/opg-kelecic.hr\/index.php?rest_route=\/wp\/v2\/pages"}],"about":[{"href":"https:\/\/opg-kelecic.hr\/index.php?rest_route=\/wp\/v2\/types\/page"}],"author":[{"embeddable":true,"href":"https:\/\/opg-kelecic.hr\/index.php?rest_route=\/wp\/v2\/users\/1"}],"replies":[{"embeddable":true,"href":"https:\/\/opg-kelecic.hr\/index.php?rest_route=%2Fwp%2Fv2%2Fcomments&post=217"}],"version-history":[{"count":3,"href":"https:\/\/opg-kelecic.hr\/index.php?rest_route=\/wp\/v2\/pages\/217\/revisions"}],"predecessor-version":[{"id":226,"href":"https:\/\/opg-kelecic.hr\/index.php?rest_route=\/wp\/v2\/pages\/217\/revisions\/226"}],"wp:attachment":[{"href":"https:\/\/opg-kelecic.hr\/index.php?rest_route=%2Fwp%2Fv2%2Fmedia&parent=217"}],"curies":[{"name":"wp","href":"https:\/\/api.w.org\/{rel}","templated":true}]}}